{"id":36,"date":"2019-01-29T16:00:06","date_gmt":"2019-01-29T16:00:06","guid":{"rendered":"http:\/\/lichri.radeln-in-den-sonnenaufgang.de\/?page_id=36"},"modified":"2020-02-13T07:38:36","modified_gmt":"2020-02-13T07:38:36","slug":"links-sponsors","status":"publish","type":"page","link":"http:\/\/lichri.radeln-in-den-sonnenaufgang.de\/?page_id=36","title":{"rendered":"Links &#038; Sponsors"},"content":{"rendered":"\n<h4>Wow! Neu! Supporte uns \u00fcber Patreon!<\/h4>\n\n\n\n<div class=\"wp-block-media-text alignwide has-media-on-the-right\" style=\"grid-template-columns:auto 26%\"><figure class=\"wp-block-media-text__media\"><img decoding=\"async\" loading=\"lazy\" width=\"500\" height=\"500\" src=\"http:\/\/lichri.radeln-in-den-sonnenaufgang.de\/wp-content\/uploads\/2019\/05\/Patreon_Mark_Coral.jpg\" alt=\"logo patreon\" class=\"wp-image-232\" srcset=\"http:\/\/lichri.radeln-in-den-sonnenaufgang.de\/wp-content\/uploads\/2019\/05\/Patreon_Mark_Coral.jpg 500w, http:\/\/lichri.radeln-in-den-sonnenaufgang.de\/wp-content\/uploads\/2019\/05\/Patreon_Mark_Coral-150x150.jpg 150w, http:\/\/lichri.radeln-in-den-sonnenaufgang.de\/wp-content\/uploads\/2019\/05\/Patreon_Mark_Coral-300x300.jpg 300w, http:\/\/lichri.radeln-in-den-sonnenaufgang.de\/wp-content\/uploads\/2019\/05\/Patreon_Mark_Coral-100x100.jpg 100w\" sizes=\"(max-width: 500px) 100vw, 500px\" \/><\/figure><div class=\"wp-block-media-text__content\">\n<p>Werde Patron und unterst\u00fctze uns hier\u00fcber finanziell auf unserer Reise! &#8211;&gt; <a href=\"http:\/\/www.patreon.com\/goglocal\">patreon.com\/goglocal<\/a><\/p>\n<\/div><\/div>\n\n\n\n<h4>Folgt uns auch \u00fcber: <\/h4>\n\n\n\n<div class=\"wp-block-media-text alignwide\" style=\"grid-template-columns:29% auto\"><figure class=\"wp-block-media-text__media\"><img decoding=\"async\" loading=\"lazy\" width=\"1024\" height=\"1024\" src=\"http:\/\/lichri.radeln-in-den-sonnenaufgang.de\/wp-content\/uploads\/2019\/02\/2goglocal_nametag-1024x1024.png\" alt=\"\" class=\"wp-image-123\" srcset=\"http:\/\/lichri.radeln-in-den-sonnenaufgang.de\/wp-content\/uploads\/2019\/02\/2goglocal_nametag-1024x1024.png 1024w, http:\/\/lichri.radeln-in-den-sonnenaufgang.de\/wp-content\/uploads\/2019\/02\/2goglocal_nametag-150x150.png 150w, http:\/\/lichri.radeln-in-den-sonnenaufgang.de\/wp-content\/uploads\/2019\/02\/2goglocal_nametag-300x300.png 300w, http:\/\/lichri.radeln-in-den-sonnenaufgang.de\/wp-content\/uploads\/2019\/02\/2goglocal_nametag-768x768.png 768w, http:\/\/lichri.radeln-in-den-sonnenaufgang.de\/wp-content\/uploads\/2019\/02\/2goglocal_nametag-100x100.png 100w, http:\/\/lichri.radeln-in-den-sonnenaufgang.de\/wp-content\/uploads\/2019\/02\/2goglocal_nametag.png 1275w\" sizes=\"(max-width: 767px) 89vw, (max-width: 1000px) 54vw, (max-width: 1071px) 543px, 580px\" \/><\/figure><div class=\"wp-block-media-text__content\">\n<p><a href=\"https:\/\/www.instagram.com\/2goglocal\/\">https:\/\/www.instagram.com\/2goglocal\/<\/a><\/p>\n<\/div><\/div>\n\n\n\n<div class=\"wp-block-media-text alignwide has-media-on-the-right\" style=\"grid-template-columns:auto 25%\"><figure class=\"wp-block-media-text__media\"><img decoding=\"async\" loading=\"lazy\" width=\"1024\" height=\"1015\" src=\"http:\/\/lichri.radeln-in-den-sonnenaufgang.de\/wp-content\/uploads\/2019\/02\/logobunt-1024x1015.png\" alt=\"\" class=\"wp-image-136\" srcset=\"http:\/\/lichri.radeln-in-den-sonnenaufgang.de\/wp-content\/uploads\/2019\/02\/logobunt-1024x1015.png 1024w, http:\/\/lichri.radeln-in-den-sonnenaufgang.de\/wp-content\/uploads\/2019\/02\/logobunt-150x150.png 150w, http:\/\/lichri.radeln-in-den-sonnenaufgang.de\/wp-content\/uploads\/2019\/02\/logobunt-300x297.png 300w, http:\/\/lichri.radeln-in-den-sonnenaufgang.de\/wp-content\/uploads\/2019\/02\/logobunt-768x761.png 768w, http:\/\/lichri.radeln-in-den-sonnenaufgang.de\/wp-content\/uploads\/2019\/02\/logobunt-100x100.png 100w, http:\/\/lichri.radeln-in-den-sonnenaufgang.de\/wp-content\/uploads\/2019\/02\/logobunt.png 1162w\" sizes=\"(max-width: 767px) 89vw, (max-width: 1000px) 54vw, (max-width: 1071px) 543px, 580px\" \/><\/figure><div class=\"wp-block-media-text__content\">\n<p>\nNat\u00fcrlich werden wir den Blog regelm\u00e4\u00dfig f\u00fcttern. Auf die Augen gibt es vermeintlich mehr noch auf unserem Instagram-Kanal.\n\n<\/p>\n<\/div><\/div>\n\n\n\n<h4>Dank und Empfehlungen gehen raus an unsere Unterst\u00fctzer*innen &#8211; check this out:<\/h4>\n\n\n\n<p>Unternehmen &amp; Profis:<\/p>\n\n\n\n<ul><li><a href=\"https:\/\/www.kompass.de\/\">Kompass<\/a>: F\u00fcr die sch\u00f6nen Radwanderkarten!<\/li><\/ul>\n\n\n\n<p class=\"has-text-align-center\"><em><strong>(hier k\u00f6nnte Dein Name\/Dein Unternehmen stehen; Kontaktiere uns einfach \u00fcber <a href=\"mailto:contact@goglocal.de\">contact(at)goglocal.de<\/a> )<\/strong><\/em><\/p>\n\n\n\n<p>Freunde &amp; Familie:<\/p>\n\n\n\n<ul><li>Julia (schon wieder!) und Paps: ALTER VERWALTER! Da hauts mir ja den Vogel raus! Da f\u00e4llt mir jetzt gar nix mehr ein zu 0.o Krass, Danke!!!<\/li><li>Maria: Das kam zwar mit Ank\u00fcndigung, aber doch irgendwie total unerwartet \ud83d\ude42 Vielen lieben Dank dir!!!<\/li><li>Flo: Unser Wiederholungst\u00e4ter \ud83d\ude00 Wir lieben Dich!<\/li><li>Annelie&amp;Melissa: Vielen Dank f\u00fcr die lieben Weihnachtsgr\u00fc\u00dfe u.a. auf unser Konto \ud83d\ude42 Und f\u00fcr die allabendlichen Gebete! :*<\/li><li>Dieter&amp;Tina: Danke f\u00fcr eure Mails, Kommentare und euer sch\u00f6nes Weihnachtsgeschenk! So sch\u00f6n, zu sehen, wie ihr uns begleitet!<\/li><li>Mama: Danke, dass du dein Weihnachtsgeld mit uns geteilt hast \ud83d\ude42 <\/li><li>Mama, Papa, Opa Willi und Oma Resi: Danke vielmals f\u00fcr euer Weihnachts- und Geburtstagsgeld und daf\u00fcr, dass ihr immer f\u00fcr uns da seid!<\/li><li>Marie-Luise&amp;Fritz: Wie sch\u00f6n, dass ihr uns folgt und uns unterst\u00fctzt! Wir danken euch vielmals!<\/li><li>Cordula&amp;Thomas: Wow, vielen Dank f\u00fcr diese sch\u00f6ne \u00dcberraschung und liebste Gr\u00fc\u00dfe nach Duisburg!<\/li><li>Bertram&amp;Familie: Hey! Das kam unerwartet \ud83d\ude42 Wie sch\u00f6n &lt;3 Vielen Dank, euch!<\/li><li>Charly: Wie krass bist du denn bitte? Danke!!!<\/li><li>J\u00fcrgen und Flo: f\u00fcr eure ultra gro\u00dfz\u00fcgigen und sehr hilfreichen Finanzspritzen \ud83d\ude42<\/li><li>Garrett and Coco: for all that good food and a home for these days!<\/li><li>Julia und Ingrid: f\u00fcr den Flohmarkterl\u00f6s! Super s\u00fc\u00df von euch!<\/li><li>Onkel Charlie: F\u00fcr das Reiserad, das Lisa fahren darf!<\/li><li>Hannah: Danke f\u00fcr den Kocher! Der l\u00e4uft einwandfrei \ud83d\ude00<\/li><li>Julian: Danke f\u00fcr Webspace, Starthilfe &amp; Radreisetipps!<\/li><li>Ingi: F\u00fcr den Notgroschen \ud83d\ude42<\/li><li>Anna &amp; Max: F\u00fcr Inlets und Frontroller!<\/li><li>Jannik: F\u00fcr &#8211; gef\u00fchlt &#8211; deine gesamte Reiseausr\u00fcstung \ud83d\ude00<\/li><li>Flo: F\u00fcr das private Kamera-Kompaktseminar!<\/li><li>Julia &amp; Marco: F\u00fcr K\u00e4nguru-Beutel und Flachmann \ud83d\ude09<\/li><li>Andrea: F\u00fcr die Reiseapotheke, Gastfreundschaft und moralische Unterst\u00fctzung!<\/li><li>Uli: F\u00fcr handwerkliche und b\u00fcrokratische Unterst\u00fctzung \ud83d\ude00<\/li><li>Fabi: F\u00fcr die Fahrt zum Visa-Center! &lt;3 und dein Bett in Eberswalde :*<\/li><li>Sophia: F\u00fcr dein Bett in Jena (A Draum!)<\/li><li>Miri und nochmal Jannik: F\u00fcr die physisch-moralische Starthilfe durchs Mitradeln in den Ha\u00dfbergen!<\/li><li>&#8222;J\u00f6rg&#8220;: F\u00fcr die F\u00fchrung und Gespr\u00e4che unterwegs \ud83d\ude42<\/li><li>Samsou &amp; WG \/ Franziska: F\u00fcr die spontane Unterkunft in Halle! Vielen Dank, unsere Rettung!<\/li><li>ASliceOfBritain: F\u00fcr Fr\u00fchst\u00fcck und Promo \ud83d\ude09<\/li><li>Katja: F\u00fcr das gute Essen, Dusche und Couch! &lt;3<\/li><li>Tante Rosi: Auch dir Dank f\u00fcr die Herberge und dieses ausgezeichnete Abendbrot und Fr\u00fchst\u00fcck! :*<\/li><li>Ingmar: f\u00fcr deine \/ eure tolle finanzielle Unterst\u00fctzung per Patreon!!!<\/li><li>Tomasz&amp;Luiza: f\u00fcr das Bett in Danzig!<\/li><li>Hans: f\u00fcr Bier und Tipps in Einlagen!<\/li><\/ul>\n\n\n\n<h4>Schaut auch mal hier rein: <\/h4>\n\n\n\n<p>Unsere langj\u00e4hrigen Freunde aus Freiburg und Eberswalde haben anspruchsvolle Radreisen unternommen bzw. sind gerade dabei. Guckt doch mal unter&#8230; <\/p>\n\n\n\n<ul><li><a href=\"http:\/\/radeln-in-den-sonnenaufgang.de\/\">www.radeln-in-den-sonnenaufgang.de<\/a><\/li><li><a href=\"https:\/\/velokitchen-on-tour.blogspot.com\/\">www.velokitchen-on-tour.blogspot.com<\/a><\/li><\/ul>\n\n\n\n<h4>Inspiriert wurden wir unter anderem durch:<\/h4>\n\n\n\n<p>Obgleich insbesondere Chris schon seit vielen Jahren die Sehnsucht gesp\u00fcrt hat und &#8211; wie er es gerne sagt &#8222;eine Zeit der Wanderschaft&#8220; als <em>Ruf <\/em>f\u00fchlte &#8211; haben uns nat\u00fcrlich einige dar\u00fcber hinaus gepr\u00e4gt. Zu Beginn steht da wohl Shane Claiborne, der unter anderem von seinen Reisen in den kriegsverw\u00fcsteten Irak und zu Mutter Theresa nach Indien schrieb, aber auch von inspirierenden Projekten wie &#8222;the simple way&#8220; in den USA. Hierauf folgte einiges sp\u00e4ter die Geschichte des DreamCenter in L.A., Californien, USA und kurze Zeit sp\u00e4ter der Film &#8222;Tomorrow: Die Welt ist voller L\u00f6sungen&#8220;. Sie pr\u00e4gten den ideellen Hintergrund unseres vorhabens.<\/p>\n\n\n\n<p>F\u00fcr uns stand von Anfang an fest, wenn wir wieder auf Reisen gingen, dann w\u00fcrden wir nicht Fliegen (aus den naheliegenden Nachhaltigkeits- sowie den reisephilosophischen Gr\u00fcnden). Deshalb packten uns gerade alle diejenigen Geschichten, die von solchen Reisen erz\u00e4hlten, wie zuletzt die Freiburger mit ihrer wahnsinnig gut gelungenen Reiseverfilmung &#8222;WEIT.&#8220;, aber auch Christopher Schachts Buch &#8222;Mit 50 Euro um die Welt&#8220;. <\/p>\n\n\n\n<div class=\"wp-block-media-text alignwide\" style=\"grid-template-columns:17% auto\"><figure class=\"wp-block-media-text__media\"><img decoding=\"async\" loading=\"lazy\" width=\"432\" height=\"654\" src=\"http:\/\/lichri.radeln-in-den-sonnenaufgang.de\/wp-content\/uploads\/2019\/02\/claiborne_ichmussverruecktseinsozuleben.png\" alt=\"\" class=\"wp-image-126\" srcset=\"http:\/\/lichri.radeln-in-den-sonnenaufgang.de\/wp-content\/uploads\/2019\/02\/claiborne_ichmussverruecktseinsozuleben.png 432w, http:\/\/lichri.radeln-in-den-sonnenaufgang.de\/wp-content\/uploads\/2019\/02\/claiborne_ichmussverruecktseinsozuleben-198x300.png 198w\" sizes=\"(max-width: 432px) 100vw, 432px\" \/><\/figure><div class=\"wp-block-media-text__content\">\n<p class=\"has-large-font-size\">Shane Claiborne<\/p>\n\n\n\n<p><em>Ich muss verr\u00fcckt sein, so zu leben: Kompromisslose Experimente in Sachen N\u00e4chstenliebe.<\/em><\/p>\n<\/div><\/div>\n\n\n\n<div class=\"wp-block-media-text alignwide\" style=\"grid-template-columns:16% auto\"><figure class=\"wp-block-media-text__media\"><img decoding=\"async\" loading=\"lazy\" width=\"272\" height=\"404\" src=\"http:\/\/lichri.radeln-in-den-sonnenaufgang.de\/wp-content\/uploads\/2019\/02\/barnett_dreamcenterladiegemeindedieniemalsschlaeft.png\" alt=\"\" class=\"wp-image-127\" srcset=\"http:\/\/lichri.radeln-in-den-sonnenaufgang.de\/wp-content\/uploads\/2019\/02\/barnett_dreamcenterladiegemeindedieniemalsschlaeft.png 272w, http:\/\/lichri.radeln-in-den-sonnenaufgang.de\/wp-content\/uploads\/2019\/02\/barnett_dreamcenterladiegemeindedieniemalsschlaeft-202x300.png 202w\" sizes=\"(max-width: 272px) 100vw, 272px\" \/><\/figure><div class=\"wp-block-media-text__content\">\n<p class=\"has-large-font-size\">Matthew Barnett<\/p>\n\n\n\n<p><em>Dream Center L.A. &#8211; Die Gemeinde die niemals schl\u00e4ft.<\/em><\/p>\n<\/div><\/div>\n\n\n\n<div class=\"wp-block-media-text alignwide\" style=\"grid-template-columns:16% auto\"><figure class=\"wp-block-media-text__media\"><img decoding=\"async\" loading=\"lazy\" width=\"242\" height=\"357\" src=\"http:\/\/lichri.radeln-in-den-sonnenaufgang.de\/wp-content\/uploads\/2019\/02\/dieweltistvollerloesungen-1.png\" alt=\"\" class=\"wp-image-129\" srcset=\"http:\/\/lichri.radeln-in-den-sonnenaufgang.de\/wp-content\/uploads\/2019\/02\/dieweltistvollerloesungen-1.png 242w, http:\/\/lichri.radeln-in-den-sonnenaufgang.de\/wp-content\/uploads\/2019\/02\/dieweltistvollerloesungen-1-203x300.png 203w\" sizes=\"(max-width: 242px) 100vw, 242px\" \/><\/figure><div class=\"wp-block-media-text__content\">\n<p class=\"has-large-font-size\"> Cyril Dion &amp; M\u00e9lanie Laurent <\/p>\n\n\n\n<p><em>Tomorrow: Die Welt ist voller L\u00f6sungen.<\/em><\/p>\n<\/div><\/div>\n\n\n\n<div class=\"wp-block-media-text alignwide\" style=\"grid-template-columns:17% auto\"><figure class=\"wp-block-media-text__media\"><img decoding=\"async\" loading=\"lazy\" width=\"271\" height=\"368\" src=\"http:\/\/lichri.radeln-in-den-sonnenaufgang.de\/wp-content\/uploads\/2019\/02\/weitumdiewelt.png\" alt=\"\" class=\"wp-image-130\" srcset=\"http:\/\/lichri.radeln-in-den-sonnenaufgang.de\/wp-content\/uploads\/2019\/02\/weitumdiewelt.png 271w, http:\/\/lichri.radeln-in-den-sonnenaufgang.de\/wp-content\/uploads\/2019\/02\/weitumdiewelt-221x300.png 221w\" sizes=\"(max-width: 271px) 100vw, 271px\" \/><\/figure><div class=\"wp-block-media-text__content\">\n<p class=\"has-large-font-size\"> Patrick Allgaier &amp; Gwendolin Weisser <\/p>\n\n\n\n<p><em>weit. Die Geschichte von einem Weg um die Welt.<\/em><\/p>\n<\/div><\/div>\n\n\n\n<div class=\"wp-block-media-text alignwide\" style=\"grid-template-columns:16% auto\"><figure class=\"wp-block-media-text__media\"><img decoding=\"async\" loading=\"lazy\" width=\"384\" height=\"563\" src=\"http:\/\/lichri.radeln-in-den-sonnenaufgang.de\/wp-content\/uploads\/2019\/02\/schacht_50euroumdiewelt.png\" alt=\"\" class=\"wp-image-125\" srcset=\"http:\/\/lichri.radeln-in-den-sonnenaufgang.de\/wp-content\/uploads\/2019\/02\/schacht_50euroumdiewelt.png 384w, http:\/\/lichri.radeln-in-den-sonnenaufgang.de\/wp-content\/uploads\/2019\/02\/schacht_50euroumdiewelt-205x300.png 205w\" sizes=\"(max-width: 384px) 100vw, 384px\" \/><\/figure><div class=\"wp-block-media-text__content\">\n<p class=\"has-large-font-size\">Christopher Schacht <\/p>\n\n\n\n<p><em>Mit 50 Euro um die Welt: Wie ich mit wenig in der Tasche loszog und als reicher Mann zur\u00fcckkam.<\/em><\/p>\n<\/div><\/div>\n","protected":false},"excerpt":{"rendered":"<p>Wow! Neu! Supporte uns \u00fcber Patreon! Werde Patron und unterst\u00fctze uns hier\u00fcber finanziell auf unserer Reise! &#8211;&gt; patreon.com\/goglocal Folgt uns auch \u00fcber: https:\/\/www.instagram.com\/2goglocal\/ Nat\u00fcrlich werden wir den Blog regelm\u00e4\u00dfig f\u00fcttern. Auf die Augen gibt es vermeintlich mehr noch auf unserem Instagram-Kanal. Dank und Empfehlungen gehen raus an unsere Unterst\u00fctzer*innen &#8211; check this out: Unternehmen &amp; &hellip; <\/p>\n<p class=\"link-more\"><a href=\"http:\/\/lichri.radeln-in-den-sonnenaufgang.de\/?page_id=36\" class=\"more-link\"><span class=\"screen-reader-text\">\u201eLinks &#038; Sponsors\u201c<\/span> weiterlesen<\/a><\/p>\n","protected":false},"author":3,"featured_media":0,"parent":0,"menu_order":0,"comment_status":"closed","ping_status":"closed","template":"","meta":[],"_links":{"self":[{"href":"http:\/\/lichri.radeln-in-den-sonnenaufgang.de\/index.php?rest_route=\/wp\/v2\/pages\/36"}],"collection":[{"href":"http:\/\/lichri.radeln-in-den-sonnenaufgang.de\/index.php?rest_route=\/wp\/v2\/pages"}],"about":[{"href":"http:\/\/lichri.radeln-in-den-sonnenaufgang.de\/index.php?rest_route=\/wp\/v2\/types\/page"}],"author":[{"embeddable":true,"href":"http:\/\/lichri.radeln-in-den-sonnenaufgang.de\/index.php?rest_route=\/wp\/v2\/users\/3"}],"replies":[{"embeddable":true,"href":"http:\/\/lichri.radeln-in-den-sonnenaufgang.de\/index.php?rest_route=%2Fwp%2Fv2%2Fcomments&post=36"}],"version-history":[{"count":22,"href":"http:\/\/lichri.radeln-in-den-sonnenaufgang.de\/index.php?rest_route=\/wp\/v2\/pages\/36\/revisions"}],"predecessor-version":[{"id":1546,"href":"http:\/\/lichri.radeln-in-den-sonnenaufgang.de\/index.php?rest_route=\/wp\/v2\/pages\/36\/revisions\/1546"}],"wp:attachment":[{"href":"http:\/\/lichri.radeln-in-den-sonnenaufgang.de\/index.php?rest_route=%2Fwp%2Fv2%2Fmedia&parent=36"}],"curies":[{"name":"wp","href":"https:\/\/api.w.org\/{rel}","templated":true}]}}