{"id":173,"date":"2019-03-06T14:40:55","date_gmt":"2019-03-06T14:40:55","guid":{"rendered":"http:\/\/lichri.radeln-in-den-sonnenaufgang.de\/?page_id=173"},"modified":"2019-05-08T10:34:27","modified_gmt":"2019-05-08T10:34:27","slug":"impressum-datenschutz","status":"publish","type":"page","link":"http:\/\/lichri.radeln-in-den-sonnenaufgang.de\/?page_id=173","title":{"rendered":"Impressum &#038; Datenschutz"},"content":{"rendered":"\n<p>Bei Fragen und Anregungen zu dieser Webseite, bzw. dem Projekt  ist jeder herzlich eingeladen uns an  info{at}goglocal.de zu schreiben, bzw. einen  Kommentar zu hinterlassen.<\/p>\n\n\n\n<p>Verantwortlich f\u00fcr diese Webseite und den Datenschutz sind:<\/p>\n\n\n\n<p>Christian &amp; Lisa F\u00f6rster<\/p>\n\n\n\n<p>Im Gumperts 37<\/p>\n\n\n\n<p>D-97478 Westheim<\/p>\n\n\n\n<p>info{at}goglocal.de<br><\/p>\n\n\n\n<p>http:\/\/goglocal.de speichert standardm\u00e4\u00dfig keine personenbezogenen Daten.<\/p>\n\n\n\n<h3>Kommentare und Cockies<\/h3>\n\n\n\n<p>Wenn du einen Kommentar auf unserer Website schreibst, kann das eine \nEinwilligung sein, deinen Namen, E-Mail-Adresse und Website in Cookies \nzu speichern. Dies ist eine Komfortfunktion, damit du nicht, wenn du \neinen weiteren Kommentar schreibst, all diese Daten erneut eingeben \nmusst. Diese Cookies werden ein Jahr lang gespeichert.<\/p>\n\n\n\n<p>Falls du ein Konto hast und dich auf dieser Website anmeldest, werden\n wir ein tempor\u00e4res Cookie setzen, um festzustellen, ob dein Browser \nCookies akzeptiert. Dieses Cookie enth\u00e4lt keine personenbezogenen Daten \nund wird verworfen, wenn du deinen Browser schlie\u00dft.<\/p>\n\n\n\n<p>Aus deiner E-Mail-Adresse kann eine anonymisierte Zeichenfolge \nerstellt (auch Hash genannt) und dem Gravatar-Dienst \u00fcbergeben werden, \num zu pr\u00fcfen, ob du diesen benutzt. Die Datenschutzerkl\u00e4rung des \nGravatar-Dienstes findest du hier: https:\/\/automattic.com\/privacy\/. \nNachdem dein Kommentar freigegeben wurde, ist dein Profilbild \u00f6ffentlich\n im Kontext deines Kommentars sichtbar.<\/p>\n\n\n\n<p>Besucher-Kommentare k\u00f6nnten von einem automatisierten Dienst zur Spam-Erkennung untersucht werden.<\/p>\n\n\n\n<h3>Welche Rechte du an deinen Daten hast<\/h3>\n\n\n\n<p>Wenn du ein Konto auf dieser Website besitzt oder Kommentare \ngeschrieben hast, kannst du einen Export deiner personenbezogenen Daten \nbei uns anfordern, inklusive aller Daten, die du uns mitgeteilt hast. \nDar\u00fcber hinaus kannst du die L\u00f6schung aller personenbezogenen Daten, die\n wir von dir gespeichert haben, anfordern. Dies umfasst nicht die Daten,\n die wir aufgrund administrativer, rechtlicher oder \nsicherheitsrelevanter Notwendigkeiten aufbewahren m\u00fcssen.<\/p>\n\n\n\n<h3>Wie lange wir deine Daten Speichern<\/h3>\n\n\n\n<p>Wenn du einen Kommentar schreibst, wird dieser inklusive Metadaten \nzeitlich unbegrenzt gespeichert. Auf diese Art k\u00f6nnen wir \nFolgekommentare automatisch erkennen und freigeben, anstelle sie in \neiner Moderations-Warteschlange festzuhalten.<\/p>\n\n\n\n<p>F\u00fcr Benutzer, die sich auf unserer Website registrieren, speichern \nwir zus\u00e4tzlich die pers\u00f6nlichen Informationen, die sie in ihren \nBenutzerprofilen angeben. Alle Benutzer k\u00f6nnen jederzeit ihre \npers\u00f6nlichen Informationen einsehen, ver\u00e4ndern oder l\u00f6schen (der \nBenutzername kann nicht ver\u00e4ndert werden). Administratoren der Website \nk\u00f6nnen diese Informationen ebenfalls einsehen und ver\u00e4ndern.<\/p>\n","protected":false},"excerpt":{"rendered":"<p>Bei Fragen und Anregungen zu dieser Webseite, bzw. dem Projekt ist jeder herzlich eingeladen uns an info{at}goglocal.de zu schreiben, bzw. einen Kommentar zu hinterlassen. Verantwortlich f\u00fcr diese Webseite und den Datenschutz sind: Christian &amp; Lisa F\u00f6rster Im Gumperts 37 D-97478 Westheim info{at}goglocal.de http:\/\/goglocal.de speichert standardm\u00e4\u00dfig keine personenbezogenen Daten. Kommentare und Cockies Wenn du einen Kommentar &hellip; <\/p>\n<p class=\"link-more\"><a href=\"http:\/\/lichri.radeln-in-den-sonnenaufgang.de\/?page_id=173\" class=\"more-link\"><span class=\"screen-reader-text\">\u201eImpressum &#038; Datenschutz\u201c<\/span> weiterlesen<\/a><\/p>\n","protected":false},"author":3,"featured_media":0,"parent":0,"menu_order":0,"comment_status":"closed","ping_status":"closed","template":"","meta":[],"_links":{"self":[{"href":"http:\/\/lichri.radeln-in-den-sonnenaufgang.de\/index.php?rest_route=\/wp\/v2\/pages\/173"}],"collection":[{"href":"http:\/\/lichri.radeln-in-den-sonnenaufgang.de\/index.php?rest_route=\/wp\/v2\/pages"}],"about":[{"href":"http:\/\/lichri.radeln-in-den-sonnenaufgang.de\/index.php?rest_route=\/wp\/v2\/types\/page"}],"author":[{"embeddable":true,"href":"http:\/\/lichri.radeln-in-den-sonnenaufgang.de\/index.php?rest_route=\/wp\/v2\/users\/3"}],"replies":[{"embeddable":true,"href":"http:\/\/lichri.radeln-in-den-sonnenaufgang.de\/index.php?rest_route=%2Fwp%2Fv2%2Fcomments&post=173"}],"version-history":[{"count":4,"href":"http:\/\/lichri.radeln-in-den-sonnenaufgang.de\/index.php?rest_route=\/wp\/v2\/pages\/173\/revisions"}],"predecessor-version":[{"id":227,"href":"http:\/\/lichri.radeln-in-den-sonnenaufgang.de\/index.php?rest_route=\/wp\/v2\/pages\/173\/revisions\/227"}],"wp:attachment":[{"href":"http:\/\/lichri.radeln-in-den-sonnenaufgang.de\/index.php?rest_route=%2Fwp%2Fv2%2Fmedia&parent=173"}],"curies":[{"name":"wp","href":"https:\/\/api.w.org\/{rel}","templated":true}]}}